{"version":"1.0","provider_name":"Stars Magaz\u00edn Karaoketexty.cz","provider_url":"https:\/\/www.karaoketexty.cz\/magazin","author_name":"Veronika \u0160imkov\u00e1","author_url":"https:\/\/www.karaoketexty.cz\/magazin\/author\/veronikasimkova\/","title":"Fotografie Freddyho Mercuryho po\u0159\u00edzen\u00e1 16letou d\u00edvkou","type":"rich","width":600,"height":338,"html":"<blockquote class=\"wp-embedded-content\" data-secret=\"K76GNAXue7\"><a href=\"https:\/\/www.karaoketexty.cz\/magazin\/fotografie-freddy-mercury-mlada-fanynka\/\">Tajn\u011b propa\u0161ovala fo\u0165\u00e1k na koncert Queen: Ikonickou fotografii Freddieho Mercuryho po\u0159\u00eddila teprve \u0161estn\u00e1ctilet\u00e1 d\u00edvka<\/a><\/blockquote><iframe sandbox=\"allow-scripts\" security=\"restricted\" src=\"https:\/\/www.karaoketexty.cz\/magazin\/fotografie-freddy-mercury-mlada-fanynka\/embed\/#?secret=K76GNAXue7\" width=\"600\" height=\"338\" title=\"&#8222;Tajn\u011b propa\u0161ovala fo\u0165\u00e1k na koncert Queen: Ikonickou fotografii Freddieho Mercuryho po\u0159\u00eddila teprve \u0161estn\u00e1ctilet\u00e1 d\u00edvka&#8220; &#8212; Stars Magaz\u00edn Karaoketexty.cz\" data-secret=\"K76GNAXue7\" frameborder=\"0\" marginwidth=\"0\" marginheight=\"0\" scrolling=\"no\" class=\"wp-embedded-content\"><\/iframe><script type=\"text\/javascript\">\n\/* <![CDATA[ *\/\n\/*! This file is auto-generated *\/\n!function(d,l){\"use strict\";l.querySelector&&d.addEventListener&&\"undefined\"!=typeof URL&&(d.wp=d.wp||{},d.wp.receiveEmbedMessage||(d.wp.receiveEmbedMessage=function(e){var t=e.data;if((t||t.secret||t.message||t.value)&&!\/[^a-zA-Z0-9]\/.test(t.secret)){for(var s,r,n,a=l.querySelectorAll('iframe[data-secret=\"'+t.secret+'\"]'),o=l.querySelectorAll('blockquote[data-secret=\"'+t.secret+'\"]'),c=new RegExp(\"^https?:$\",\"i\"),i=0;i<o.length;i++)o[i].style.display=\"none\";for(i=0;i<a.length;i++)s=a[i],e.source===s.contentWindow&&(s.removeAttribute(\"style\"),\"height\"===t.message?(1e3<(r=parseInt(t.value,10))?r=1e3:~~r<200&&(r=200),s.height=r):\"link\"===t.message&&(r=new URL(s.getAttribute(\"src\")),n=new URL(t.value),c.test(n.protocol))&&n.host===r.host&&l.activeElement===s&&(d.top.location.href=t.value))}},d.addEventListener(\"message\",d.wp.receiveEmbedMessage,!1),l.addEventListener(\"DOMContentLoaded\",function(){for(var e,t,s=l.querySelectorAll(\"iframe.wp-embedded-content\"),r=0;r<s.length;r++)(t=(e=s[r]).getAttribute(\"data-secret\"))||(t=Math.random().toString(36).substring(2,12),e.src+=\"#?secret=\"+t,e.setAttribute(\"data-secret\",t)),e.contentWindow.postMessage({message:\"ready\",secret:t},\"*\")},!1)))}(window,document);\n\/\/# sourceURL=https:\/\/www.karaoketexty.cz\/magazin\/wp-includes\/js\/wp-embed.min.js\n\/* ]]> *\/\n<\/script>\n","thumbnail_url":"https:\/\/www.karaoketexty.cz\/magazin\/wp-content\/uploads\/2025\/05\/Freddie-Mercury.avif","thumbnail_width":1200,"thumbnail_height":675,"description":"Kdy\u017e se \u0159ekne \u201efotografie s p\u0159\u00edb\u011bhem\u201c nen\u00ed mo\u017en\u00e9 si nevybavit Freddyho Mercury zachycen\u00e9ho b\u011bhem koncertu teprve 16letou fanynkou."}